{"id":1229,"date":"2020-11-10T22:07:54","date_gmt":"2020-11-10T20:07:54","guid":{"rendered":"http:\/\/roivainen.amepa.fi\/?page_id=1229"},"modified":"2023-05-22T18:57:37","modified_gmt":"2023-05-22T15:57:37","slug":"sosiaalineuvos","status":"publish","type":"page","link":"https:\/\/www.ireneroivainen.net\/?page_id=1229","title":{"rendered":"Sosiaalineuvos"},"content":{"rendered":"\n<p class=\"has-drop-cap\">Kunnallispoliittisten ja j\u00e4rjest\u00f6toiminnan ansioideni perusteella TP Niinist\u00f6 on my\u00f6nt\u00e4nyt minulle sosiaalineuvoksen arvonimen.<\/p>\n\n\n\n<p>Olen toiminut Tampereen kaupunginvaltuutettuna vuodesta 1999 vuoteen 2017, jolloin en asettunut en\u00e4\u00e4 ehdolle kuntavaaleissa sek\u00e4 kaupunginvaltuuston puheenjohtajana vuosina 2009\u20132012. Kaupunginhallituksen j\u00e4sen olin 2007\u20132008 ja sen 2. varapuheenjohtajana 2013\u20132014 sek\u00e4 kaupunginhallituksen suunnittelujaoston j\u00e4senen\u00e4 2003\u20132004 ja sen 1. varapuheenjohtajana 2007\u20132008. &nbsp;Toimin Tampereen S\u00e4rk\u00e4nniemi Oy:n pj:na&nbsp;v. 2010\u20132013&nbsp;ja j\u00e4senen\u00e4 v. 2014\u20132016 sek\u00e4 j\u00e4senen\u00e4 Seutuhallituksessa vv. 2009\u20132010 ja Pirkanmaan Sairaanhoitopiirin hallituksen j\u00e4senen\u00e4 2013\u20132015. Aikaisemmilla valtuustokausilla toimin sosiaali- ja terveyslautakunnassa sek\u00e4 Vuokratalos\u00e4\u00e4ti\u00f6n (VTS) hallituksen j\u00e4senen\u00e4.<\/p>\n\n\n\n<div class=\"wp-block-image\"><figure class=\"aligncenter size-large\"><a href=\"https:\/\/www.ireneroivainen.net\/wp-content\/uploads\/2021\/01\/Irene_muotokuva.jpg\"><img loading=\"lazy\" decoding=\"async\" width=\"368\" height=\"450\" src=\"https:\/\/www.ireneroivainen.net\/wp-content\/uploads\/2021\/01\/Irene_muotokuva.jpg\" alt=\"\" class=\"wp-image-1261\" srcset=\"https:\/\/www.ireneroivainen.net\/wp-content\/uploads\/2021\/01\/Irene_muotokuva.jpg 368w, https:\/\/www.ireneroivainen.net\/wp-content\/uploads\/2021\/01\/Irene_muotokuva-245x300.jpg 245w\" sizes=\"auto, (max-width: 368px) 100vw, 368px\" \/><\/a><figcaption>Riikka Lenkkerin maalaama virallinen muotokuva (2013) Tampereen kaupunginvaltuuston puheenjohtajasta (2009\u20132012)<\/figcaption><\/figure><\/div>\n\n\n\n<p>J\u00e4rjest\u00f6teht\u00e4vist\u00e4ni merkitt\u00e4vin on puheenjohtajakauteni Suomen Setlementtiliitossa v. 2011\u20132014; t\u00e4t\u00e4 ennen olin toiminut varapuheenjohtajana ja j\u00e4senen\u00e4 liittohallituksessa useita vuosia. Olen ollut my\u00f6s Sosiaality\u00f6n tutkimuksen seuran puheenjohtaja kaksivuotiskauden 2005\u20132006 sek\u00e4 kirkkovaltuutettu ja seurakuntaneuvoston j\u00e4sen Tampereella. <\/p>\n\n\n\n<p>\u00a0Olen evankelisluterilaisen kirkon j\u00e4sen ja olen toiminut Martinus S\u00e4\u00e4ti\u00f6n hallituksessa aluksi puheenjohtajana ja sitten j\u00e4senen\u00e4 vuoden 2022 loppuun. Viimeinen kauteni Tampereen evankelisluterilaisten seurakuntien kirkkovaltuustossa p\u00e4\u00e4ttyi vuoden 2022 lopussa. T\u00e4t\u00e4 ennen olin toiminut j\u00e4senen\u00e4 kirkkovaltuustossa ja Messukyl\u00e4n srk:n seurakuntaneuvostossa vuoden 2010 loppuun sek\u00e4 yhteisen kirkkoneuvoston varsinaisena j\u00e4senen\u00e4 vv. 2005\u20132006, ja sen j\u00e4lkeen sen varaj\u00e4senen\u00e4.\u00a0Olen toiminut\u00a0Martinus-s\u00e4\u00e4ti\u00f6n valtuuskunnan j\u00e4senen\u00e4 ja Tampereen Kaupunkil\u00e4hetyksen hallituksessa. Vuosina 2004\u20132008 toimin varaj\u00e4senen\u00e4 Kirkon tutkimuskeskuksen johtokunnassa. <\/p>\n<!-- AddThis Advanced Settings generic via filter on the_content --><!-- AddThis Share Buttons generic via filter on the_content -->","protected":false},"excerpt":{"rendered":"<p>Kunnallispoliittisten ja j\u00e4rjest\u00f6toiminnan ansioideni perusteella TP Niinist\u00f6 on my\u00f6nt\u00e4nyt minulle sosiaalineuvoksen arvonimen. Olen toiminut Tampereen kaupunginvaltuutettuna vuodesta 1999 vuoteen 2017, jolloin en asettunut en\u00e4\u00e4 ehdolle kuntavaaleissa sek\u00e4 kaupunginvaltuuston puheenjohtajana vuosina 2009\u20132012. Kaupunginhallituksen j\u00e4sen olin 2007\u20132008 ja sen 2. varapuheenjohtajana 2013\u20132014 sek\u00e4 kaupunginhallituksen suunnittelujaoston j\u00e4senen\u00e4 2003\u20132004 ja sen 1. varapuheenjohtajana 2007\u20132008. &nbsp;Toimin Tampereen S\u00e4rk\u00e4nniemi Oy:n pj:na&nbsp;v. &hellip; <\/p>\n<p class=\"link-more\"><a href=\"https:\/\/www.ireneroivainen.net\/?page_id=1229\" class=\"more-link\">Jatka lukemista<span class=\"screen-reader-text\"> &#8221;Sosiaalineuvos&#8221;<\/span><\/a><\/p>\n<p><!-- AddThis Advanced Settings generic via filter on get_the_excerpt --><!-- AddThis Share Buttons generic via filter on get_the_excerpt --><\/p>\n","protected":false},"author":2,"featured_media":0,"parent":0,"menu_order":0,"comment_status":"closed","ping_status":"closed","template":"","meta":{"footnotes":""},"class_list":["post-1229","page","type-page","status-publish","hentry"],"_links":{"self":[{"href":"https:\/\/www.ireneroivainen.net\/index.php?rest_route=\/wp\/v2\/pages\/1229","targetHints":{"allow":["GET"]}}],"collection":[{"href":"https:\/\/www.ireneroivainen.net\/index.php?rest_route=\/wp\/v2\/pages"}],"about":[{"href":"https:\/\/www.ireneroivainen.net\/index.php?rest_route=\/wp\/v2\/types\/page"}],"author":[{"embeddable":true,"href":"https:\/\/www.ireneroivainen.net\/index.php?rest_route=\/wp\/v2\/users\/2"}],"replies":[{"embeddable":true,"href":"https:\/\/www.ireneroivainen.net\/index.php?rest_route=%2Fwp%2Fv2%2Fcomments&post=1229"}],"version-history":[{"count":4,"href":"https:\/\/www.ireneroivainen.net\/index.php?rest_route=\/wp\/v2\/pages\/1229\/revisions"}],"predecessor-version":[{"id":1359,"href":"https:\/\/www.ireneroivainen.net\/index.php?rest_route=\/wp\/v2\/pages\/1229\/revisions\/1359"}],"wp:attachment":[{"href":"https:\/\/www.ireneroivainen.net\/index.php?rest_route=%2Fwp%2Fv2%2Fmedia&parent=1229"}],"curies":[{"name":"wp","href":"https:\/\/api.w.org\/{rel}","templated":true}]}}